{"id":305,"date":"2022-05-03T13:29:18","date_gmt":"2022-05-03T11:29:18","guid":{"rendered":"http:\/\/vetoblanc.com\/?page_id=305"},"modified":"2022-05-03T13:48:29","modified_gmt":"2022-05-03T11:48:29","slug":"vetoblanc-recrute","status":"publish","type":"page","link":"https:\/\/vetoblanc.com\/index.php\/vetoblanc-recrute\/","title":{"rendered":"Vet&rsquo;O&rsquo;Blanc recrute !"},"content":{"rendered":"\n<figure class=\"wp-block-image size-large\"><img loading=\"lazy\" width=\"1024\" height=\"865\" src=\"http:\/\/vetoblanc.com\/wp-content\/uploads\/2022\/05\/Le-Blanc-Groupe-2-1-1024x865.jpg\" alt=\"\" class=\"wp-image-312\" srcset=\"https:\/\/vetoblanc.com\/wp-content\/uploads\/2022\/05\/Le-Blanc-Groupe-2-1-1024x865.jpg 1024w, https:\/\/vetoblanc.com\/wp-content\/uploads\/2022\/05\/Le-Blanc-Groupe-2-1-300x253.jpg 300w, https:\/\/vetoblanc.com\/wp-content\/uploads\/2022\/05\/Le-Blanc-Groupe-2-1-768x648.jpg 768w, https:\/\/vetoblanc.com\/wp-content\/uploads\/2022\/05\/Le-Blanc-Groupe-2-1-1536x1297.jpg 1536w, https:\/\/vetoblanc.com\/wp-content\/uploads\/2022\/05\/Le-Blanc-Groupe-2-1-2048x1729.jpg 2048w\" sizes=\"(max-width: 767px) 89vw, (max-width: 1000px) 54vw, (max-width: 1071px) 543px, 580px\" \/><\/figure>\n\n\n\n<p>Ci apr\u00e8s, un lien vers une <strong><em>vid\u00e9o non exhaustive de pr\u00e9sentation de notre structure<\/em><\/strong> et de notre \u00e9quipe  : <a href=\"https:\/\/fb.watch\/cMP2UWNmWg\/\">https:\/\/fb.watch\/cMP2UWNmWg\/<\/a><\/p>\n\n\n\n<p><strong>2 Postes v\u00e9t\u00e9rinaires sont \u00e0 pourvoir:  1 ALD mixte et  1 ALD canin ou mixte <\/strong>                         (Peut convenir \u00e0 un couple&nbsp;avec r\u00e9partition canine\/rurale adaptable si besoin)                          <em><strong>Le profil recherch\u00e9&nbsp;: V\u00e9t\u00e9rinaire mixte ou canin titulaire d\u2019un dipl\u00f4me reconnu par l\u2019Etat Fran\u00e7ais. Poste ouvert aux profils juniors d\u00e9sireux de progresser ( nous accompagnons la formation) ou aux plus exp\u00e9riment\u00e9s.<\/strong><\/em><\/p>\n\n\n\n<p><em><strong>Nous sommes un cabinet V\u00e9t\u00e9rinaire Mixte<\/strong><\/em>&nbsp;(canine 50 % \/ rurale 40% \/ \u00e9quine 10%)&nbsp;&nbsp;compos\u00e9 de &nbsp;2 V\u00e9t\u00e9rinaires et de 3 ASV.  <\/p>\n\n\n\n<p>Nous sommes <em><strong>situ\u00e9s \u00e0 Le Blanc<\/strong><\/em>, ville d&rsquo; environ 8000 habitants, dans l\u2019Indre (36) dans la R\u00e9gion Centre Val de Loire.  Sous-pr\u00e9fecture du D\u00e9partement, Le Blanc est au c\u0153ur du PNR de La Brenne, r\u00e9gion rurale sp\u00e9cialis\u00e9e dans le tourisme vert et donc propice aux activit\u00e9s de plein air. Elle poss\u00e8de \u00e9galement toutes les commodit\u00e9s&nbsp;(\u00e9coles jusqu\u2019au Lyc\u00e9e, piscine, cin\u00e9ma, de nombreux clubs sportifs) et a la chance de profiter d\u2019un tissu associatif important. Au centre de tout, loin de rien pour profiter facilement d\u2019un long week-end&nbsp;: 3 h de Paris, 2h30 de La Rochelle et 3 h des premi\u00e8res stations de Ski.<\/p>\n\n\n\n<p>Fort d\u2019une client\u00e8le de plus de 15 ans, le cabinet a d\u00e9m\u00e9nag\u00e9 en mars 2021 dans des <em><strong>locaux tout neufs<\/strong><\/em>, dopant le dynamisme et l\u2019activit\u00e9 de la structure et offrant un cadre de travail id\u00e9al, lumineux et pratique&nbsp;!                                                                                                                                             <em><strong>Notre activit\u00e9 mixte <\/strong><\/em>se d\u00e9cline en <em><strong>canine<\/strong><\/em>&nbsp;(m\u00e9decine et chirurgie g\u00e9n\u00e9raliste de qualit\u00e9), <strong><em>rurale<\/em><\/strong> (Bovins allaitants, un peu de laiti\u00e8res, Ovins, Caprins&nbsp;: M\u00e9decine individuelle et de troupeaux), <strong><em>\u00e9quine<\/em><\/strong>&nbsp;(gyn\u00e9cologie et m\u00e9decine g\u00e9n\u00e9rale)&nbsp;&nbsp;&nbsp;&nbsp;&nbsp;&nbsp;&nbsp;&nbsp;&nbsp;&nbsp;&nbsp;&nbsp;&nbsp;&nbsp;&nbsp;&nbsp;&nbsp;&nbsp;&nbsp;&nbsp;&nbsp;<\/p>\n\n\n\n<p><strong><em>Plateau technique&nbsp;:<\/em><\/strong><\/p>\n\n\n\n<p>3 salles de consultations enti\u00e8rement \u00e9quip\u00e9es.&nbsp;         &nbsp;&nbsp;&nbsp;&nbsp;&nbsp;&nbsp;&nbsp;&nbsp;&nbsp;                                                  Laboratoire d\u2019analyses complet&nbsp;:&nbsp; H\u00e9mato, Bioch, Hormonologie, temps coagulation, \u00b5scope, tensiom\u00e8tre, \u2026.                                                                                                                                         Salle de pr\u00e9paration et bloc de chirurgie double avec anesth\u00e9sie gazeuse.                        Service d\u2019hospitalisation pour petits animaux ( chenil et chatterie) et 1 box \u00e0 veau                     Radio num\u00e9rique, un \u00e9chographe sur place et 2 portatifs pour la rurale                                        &nbsp; Salle de repos avec douche et lit d\u2019appoint&nbsp;&nbsp;&nbsp;&nbsp;&nbsp;&nbsp;&nbsp;&nbsp;&nbsp;&nbsp;&nbsp;&nbsp;&nbsp;&nbsp;&nbsp;                                                                          V\u00e9hicule et t\u00e9l\u00e9phone pro fournis.&nbsp;&nbsp;&nbsp;&nbsp;&nbsp;&nbsp;&nbsp;&nbsp;&nbsp;&nbsp;&nbsp;&nbsp;&nbsp;&nbsp;&nbsp;&nbsp;&nbsp;&nbsp;&nbsp;&nbsp;&nbsp;&nbsp;&nbsp;&nbsp;&nbsp;&nbsp;&nbsp;&nbsp;&nbsp;&nbsp;&nbsp;&nbsp;&nbsp;&nbsp;&nbsp;&nbsp;&nbsp;&nbsp;&nbsp;&nbsp;&nbsp;&nbsp;&nbsp;&nbsp;&nbsp;&nbsp;&nbsp;&nbsp;&nbsp;&nbsp;&nbsp;&nbsp;&nbsp;&nbsp;&nbsp;&nbsp;&nbsp;&nbsp;&nbsp;&nbsp;&nbsp;&nbsp;&nbsp;&nbsp;&nbsp;&nbsp;&nbsp;&nbsp;&nbsp;&nbsp;&nbsp;&nbsp;&nbsp;&nbsp;&nbsp;&nbsp;&nbsp;&nbsp;&nbsp;&nbsp;&nbsp;&nbsp;&nbsp;&nbsp;&nbsp;&nbsp;&nbsp;&nbsp;<\/p>\n\n\n\n<p>Nous ouvrons ces postes en <strong><em>CDI forfait jour<\/em><\/strong> (ou collaboration lib\u00e9rale si souhait\u00e9)<\/p>\n\n\n\n<p>R\u00e9partition du temps de travail et des gardes&nbsp;: <strong><em>De 180 \u00e0 216 jours, gardes et 6 semaines de vacances par an.<\/em><\/strong>  Le planning des jours et des gardes est am\u00e9nageable et \u00e9tabli en fonction des attentes de chacun.<\/p>\n\n\n\n<p><em><strong>Pour d\u00e9buter&nbsp;: D\u00e8s que possible<\/strong><\/em><\/p>\n\n\n\n<p><strong><em>Venez nous rejoindre pour un an ou plus si affinit\u00e9s (association possible \u00e0 terme si souhait\u00e9). Notre but est de consolider une \u00e9quipe dynamique et motiv\u00e9e, \u00e0 l\u2019\u00e9coute des projets personnels et valorisant les attentes de chacun afin de favoriser un \u00e9quilibre entre \u00e9panouissement professionnel et personnel.<\/em><\/strong><\/p>\n\n\n\n<p>Les <strong><em>possibilit\u00e9s de d\u00e9veloppement <\/em><\/strong>sont nombreuses tant en canine qu\u2019en rurale. Nous encourageons les demandes de formations compl\u00e9mentaires.<\/p>\n\n\n\n<p><em><strong>Le profil recherch\u00e9&nbsp;: V\u00e9t\u00e9rinaire mixte titulaire d\u2019un dipl\u00f4me reconnu par l\u2019Etat Fran\u00e7ais. Poste ouvert aux profils juniors d\u00e9sireux de progresser ou aux plus exp\u00e9riment\u00e9s.<\/strong><\/em><\/p>\n\n\n\n<p><strong><em>Les avantages&nbsp;:                                                                                                                                                   Client\u00e8le mixte tr\u00e8s sympathique et activit\u00e9 diversifi\u00e9e.                                                           Possibilit\u00e9 de logement au d\u00e9marrage (g\u00eete)                                                                                 Formation de &nbsp;v\u00e9t\u00e9rinaires d\u00e9butants possible et formation continue encourag\u00e9e             Salaire attractif ( convention collective major\u00e9e)                                                                              V\u00e9hicule et t\u00e9l\u00e9phone pro fournis                                                                                              Environnement de travail tr\u00e8s agr\u00e9able dans une r\u00e9gion verdoyante qui l\u2019est tout autant, avec l\u2019oc\u00e9an et la montagne \u00e0 3 heures.<\/em><\/strong><\/p>\n\n\n\n<p><strong><em>Contact<\/em><\/strong>&nbsp;: +33 6 33 96 24 19 ou&nbsp; <a href=\"mailto:delanghe@vetoblanc.com\">delanghe@vetoblanc.com<\/a><\/p>\n\n\n\n<p><strong><em>Lien<\/em><\/strong> :  <a href=\"https:\/\/www.facebook.com\/vetoblanc\">https:\/\/www.facebook.com\/vetoblanc<\/a><\/p>\n\n\n\n<p>Et pour d\u00e9couvrir notre magnifique r\u00e9gion, rien de tel que de venir nous rencontrer!!                                           En attendant, quelques vid\u00e9os pour avoir un aper\u00e7u de notre coin de paradis: <\/p>\n\n\n\n<p><a rel=\"noreferrer noopener\" href=\"https:\/\/fb.watch\/cMND7GT8h8\/\" target=\"_blank\">https:\/\/fb.watch\/cMND7GT8h8\/<\/a>  , <\/p>\n\n\n\n<figure class=\"wp-block-embed-youtube wp-block-embed is-type-video is-provider-youtube wp-embed-aspect-16-9 wp-has-aspect-ratio\"><div class=\"wp-block-embed__wrapper\">\n<iframe title=\"Visite : Parc Naturel R\u00e9gional de la Brenne - Silence, \u00e7a pousse !\" width=\"525\" height=\"295\" src=\"https:\/\/www.youtube.com\/embed\/7qx5teLgv2A?feature=oembed\" frameborder=\"0\" allow=\"accelerometer; autoplay; clipboard-write; encrypted-media; gyroscope; picture-in-picture\" allowfullscreen><\/iframe>\n<\/div><\/figure>\n","protected":false},"excerpt":{"rendered":"<p>Ci apr\u00e8s, un lien vers une vid\u00e9o non exhaustive de pr\u00e9sentation de notre structure et de notre \u00e9quipe : https:\/\/fb.watch\/cMP2UWNmWg\/ 2 Postes v\u00e9t\u00e9rinaires sont \u00e0 pourvoir: 1 ALD mixte et 1 ALD canin ou mixte (Peut convenir \u00e0 un couple&nbsp;avec r\u00e9partition canine\/rurale adaptable si besoin) Le profil recherch\u00e9&nbsp;: V\u00e9t\u00e9rinaire mixte ou canin titulaire d\u2019un dipl\u00f4me &hellip; <\/p>\n<p class=\"link-more\"><a href=\"https:\/\/vetoblanc.com\/index.php\/vetoblanc-recrute\/\" class=\"more-link\">Continuer la lecture<span class=\"screen-reader-text\"> de &laquo;&nbsp;Vet&rsquo;O&rsquo;Blanc recrute !&nbsp;&raquo;<\/span><\/a><\/p>\n","protected":false},"author":1,"featured_media":0,"parent":0,"menu_order":0,"comment_status":"closed","ping_status":"closed","template":"","meta":[],"_links":{"self":[{"href":"https:\/\/vetoblanc.com\/index.php\/wp-json\/wp\/v2\/pages\/305"}],"collection":[{"href":"https:\/\/vetoblanc.com\/index.php\/wp-json\/wp\/v2\/pages"}],"about":[{"href":"https:\/\/vetoblanc.com\/index.php\/wp-json\/wp\/v2\/types\/page"}],"author":[{"embeddable":true,"href":"https:\/\/vetoblanc.com\/index.php\/wp-json\/wp\/v2\/users\/1"}],"replies":[{"embeddable":true,"href":"https:\/\/vetoblanc.com\/index.php\/wp-json\/wp\/v2\/comments?post=305"}],"version-history":[{"count":6,"href":"https:\/\/vetoblanc.com\/index.php\/wp-json\/wp\/v2\/pages\/305\/revisions"}],"predecessor-version":[{"id":313,"href":"https:\/\/vetoblanc.com\/index.php\/wp-json\/wp\/v2\/pages\/305\/revisions\/313"}],"wp:attachment":[{"href":"https:\/\/vetoblanc.com\/index.php\/wp-json\/wp\/v2\/media?parent=305"}],"curies":[{"name":"wp","href":"https:\/\/api.w.org\/{rel}","templated":true}]}}